{"id":1758,"date":"2023-06-28T07:02:40","date_gmt":"2023-06-28T07:02:40","guid":{"rendered":"https:\/\/guebau.lit-webhosting.gridventures.de\/ueber-uns\/"},"modified":"2024-10-22T14:57:55","modified_gmt":"2024-10-22T14:57:55","slug":"ueber-uns","status":"publish","type":"page","link":"https:\/\/guebau.de\/en\/ueber-uns\/","title":{"rendered":"\u00dcber uns"},"content":{"rendered":"<div><strong>G\u00dcBAU \u2013<\/strong><br \/>EIN TRADITIONS\u00adUNTER\u00adNEHMEN.<\/div>\n<div><strong>LOGISTIK<\/strong> IM BLUT<\/div>\n<div>\n<p>Der Name G\u00fcbau entstand 1948 als Abk\u00fcrzung f\u00fcr \u201cG\u00fcter- und Baustofftransporte\u201d. <strong>\u00dcber 75 Jahre und 3 Familiengenerationen haben wir uns unseren Ruf f\u00fcr Verl\u00e4sslichkeit und Kontinuit\u00e4t erwarbeitet.<\/strong> Den gr\u00f6\u00dften Wert legen wir dabei auf die Zufriedenheit und den Erfolg unserer Kunden. Das haben wir uns vor \u00fcber 75 Jahren ins \u201cStammbuch\u201c geschrieben \u2013 und das wird auch so bleiben.<\/p>\n<p>Vom klassischen Fuhrunternehmen der Nachkriegszeit bis zum Logistikdienstleister im neuen Jahrtausend: die Ver\u00e4nderungen und das Wachstum haben uns zu einem Unternehmen gemacht, das sich den ge\u00e4nderten Wettbewerbsbedingungen der Gegenwart erfolgreich stellt.<\/p>\n<p>Mit dieser Erfahrung und Kompetenz und einem engagierten Mitarbeiter-Team sind wir f\u00fcr Sie da. Heute und in Zukunft.<\/p>\n<\/div>\n<p>\n    <a href=\"https:\/\/guebau.de\/en\/kontakt\/\">Hier finden Sie uns<\/a>\n<\/p>\n<p><img decoding=\"async\" data-src=\"\/wp-content\/uploads\/2024\/06\/Bild-2.jpg\" alt=\"\" src=\"data:image\/gif;base64,R0lGODlhAQABAAAAACH5BAEKAAEALAAAAAABAAEAAAICTAEAOw==\" class=\"lazyload\" style=\"--smush-placeholder-width: 1368px; --smush-placeholder-aspect-ratio: 1368\/1410;\"><\/p>\n<div>\n<h1>SEIT <b>75 JAHREN<\/b><\/h1>\n<div>Vom klassischen Fuhrunternehmen der Nachkriegszeit bis zum Logistikdienstleister im neuen Jahrtausend: die Ver\u00e4nderungen und das Wachstum haben uns zu einem Unternehmen gemacht, das sich den ge\u00e4nderten Wettbewerbsbedingungen der Gegenwart erfolgreich stellt.<\/div>\n<\/div>\n<div>\n<h1>SEIT <b>75 JAHREN<\/b><\/h1>\n<div>Vom klassischen Fuhrunternehmen der Nachkriegszeit bis zum Logistikdienstleister im neuen Jahrtausend: die Ver\u00e4nderungen und das Wachstum haben uns zu einem Unternehmen gemacht, das sich den ge\u00e4nderten Wettbewerbsbedingungen der Gegenwart erfolgreich stellt.<\/div>\n<\/div>\n<p><img decoding=\"async\" data-src=\"\/wp-content\/uploads\/2024\/06\/Bild-3-scaled-e1718611165976.jpg\" alt=\"\" src=\"data:image\/gif;base64,R0lGODlhAQABAAAAACH5BAEKAAEALAAAAAABAAEAAAICTAEAOw==\" class=\"lazyload\" style=\"--smush-placeholder-width: 2508px; --smush-placeholder-aspect-ratio: 2508\/1476;\"><br \/>\n<img decoding=\"async\" data-src=\"\/wp-content\/uploads\/2024\/06\/Bild-4-e1718611182685.jpg\" alt=\"\" src=\"data:image\/gif;base64,R0lGODlhAQABAAAAACH5BAEKAAEALAAAAAABAAEAAAICTAEAOw==\" class=\"lazyload\" style=\"--smush-placeholder-width: 2126px; --smush-placeholder-aspect-ratio: 2126\/1385;\"><br \/>\n<img decoding=\"async\" data-src=\"\/wp-content\/uploads\/2024\/06\/Bild-5-scaled-e1718611238559.jpg\" alt=\"\" src=\"data:image\/gif;base64,R0lGODlhAQABAAAAACH5BAEKAAEALAAAAAABAAEAAAICTAEAOw==\" class=\"lazyload\" style=\"--smush-placeholder-width: 2474px; --smush-placeholder-aspect-ratio: 2474\/1728;\"><\/p>\n<div><strong>Wo<\/strong> Sie uns finden<\/div>\n<div>\n<p>Wir sind gro\u00df geworden in einer Region, die einer der Pulsgeber der deutschen Automobilindustrie und der Motor des Wirtschaftswunders ist. Heute befinden sich unsere Niederlassungen an strategischen Orten Deutschlands: Dicht an oder in den Ballungsr\u00e4umen, die f\u00fcr unsere Kunden von Bedeutung sind.<\/p>\n<p>Dort bewirtschaften wir als Beschaffungs-, Lager- und Distributionslogistik-Experten mit Kompetenz modernste Lager zur Erf\u00fcllung der an uns gestellten Anforderungen. Auch eine Form der Kundenn\u00e4he.<\/p>\n<\/div>\n<ul>\n<li>\n<h3><b>Wolfsburg<\/b><\/h3>\n<div>\n<p>Dem Ruf der Automobilindustrie folgend, sind wir seit den 50er Jahren des vergangenen Jahrhunderts in der Volkswagen-Stadt zu Hause. Hier finden Sie uns seit 1999 im Industriegebiet Heinenkamp, vor den Toren der Stadt, in einer neu errichteten, modernen Logistikanlage. Im angeschlossenen Verwaltungskomplex laufen die zentralen administrativen F\u00e4den der Niederlassungen zusammen. Dank eines Autobahnanschlusses vor der Haust\u00fcr und der N\u00e4he zu den Ost-West- bzw. Nord-S\u00fcd-Achsen A2 und A7 ist Wolfsburg ein idealer Standort f\u00fcr Linien- und Verteilerverkehre innerhalb der Bundesrepublik und ins europ\u00e4ische Ausland.<\/p>\n<\/div>\n<\/li>\n<li>\n<h3><b>Baden-Baden<\/b><\/h3>\n<div>\n<p>Die 2005 entstandene Niederlassung im Badischen Land stellt seit ihrer Gr\u00fcndung einen weiteren Kompetenztr\u00e4ger f\u00fcr unsere logistischen Dienstleistungen dar. Branchen\u00fcbergreifende Auftr\u00e4ge in der Beschaffungslogistik umfassen neben der Organisation der Zulauffrachten in den Bereichen Sammelgut, Komplettladung und Just-in-Time die Lagerhaltung und Kommissionierung von Zulieferteilen sowie mehrfach t\u00e4glich die produktionsgerechte Konfektionierung der Ware und Anlieferung in die Produktion oder zum Versand.<\/p>\n<p>Strategisch nah an der Verkehrsachse A5 gelegen, erg\u00e4nzen sich die Lage in einem der automobilen Zentren S\u00fcddeutschlands und die langj\u00e4hrigen Erfahrungen der G\u00fcbau Unternehmensgruppe im Automotive-Bereich zu einem gelungenen Ganzen.<\/p>\n<\/div>\n<\/li>\n<\/ul>\n<p><img decoding=\"async\" data-src=\"\/wp-content\/uploads\/2023\/11\/guebau_karte.svg\" alt=\"\" src=\"data:image\/gif;base64,R0lGODlhAQABAAAAACH5BAEKAAEALAAAAAABAAEAAAICTAEAOw==\" class=\"lazyload\"><\/p>\n<ul>\n<li>\n<h3><b>ZENTRALE WOLFSBURG<\/b><\/h3>\n<div>\n<p><span>G\u00fcbau Logistics GmbH<\/span><br \/><span>Peter-Hurst-Stra\u00dfe 3<\/span><br \/><span>38444 Wolfsburg<\/span><\/p>\n<\/div>\n<\/li>\n<li>\n<h3><b>BADEN-BADEN<\/b><\/h3>\n<div>\n<p>G\u00fcbau Logistics GmbH <br \/>Robert-Bosch-Stra\u00dfe 4 <br \/>76532 Baden-Baden<\/p>\n<\/div>\n<\/li>\n<\/ul>\n<div>EINE \u00dcBER <strong>75-J\u00c4HRIGE ERFOLGS\u00adSTORY<\/strong><\/div>\n<div>Vom klassischen Fuhrunternehmen der Nachkriegszeit bis zum Logistikdienstleister im neuen Jahrtausend: die Ver\u00e4nderungen und das Wachstum haben uns zu einem Unternehmen gemacht, das sich den ge\u00e4nderten Wettbewerbsbedingungen der Gegenwart erfolgreich stellt.<\/div>\n<div>\n<p>        <img decoding=\"async\" data-src=\"\/wp-content\/uploads\/2023\/12\/1948.jpg\" alt=\"\" src=\"data:image\/gif;base64,R0lGODlhAQABAAAAACH5BAEKAAEALAAAAAABAAEAAAICTAEAOw==\" class=\"lazyload\" style=\"--smush-placeholder-width: 2048px; --smush-placeholder-aspect-ratio: 2048\/1432;\"><\/p>\n<h1><b>1948<\/b><\/h1>\n<div>Gr\u00fcndung des Unternehmens in Gifhorn unter der Firmen\u00adbezeichnung \u201cG\u00fcter- und Baustoff\u00adtransporte\u201d (G\u00fcbau) Spedition durch Friedrich M\u00f6hrmann<\/div>\n<\/div>\n<div>\n<p>        <img decoding=\"async\" data-src=\"\/wp-content\/uploads\/2023\/12\/1953-e1702889972130.jpg\" alt=\"\" src=\"data:image\/gif;base64,R0lGODlhAQABAAAAACH5BAEKAAEALAAAAAABAAEAAAICTAEAOw==\" class=\"lazyload\" style=\"--smush-placeholder-width: 2020px; --smush-placeholder-aspect-ratio: 2020\/1177;\"><\/p>\n<h1><b>1953<\/b><\/h1>\n<div>\n<p>Verlegung des Firmensitzes <strong>nach Wolfsburg<\/strong><\/p>\n<\/div>\n<\/div>\n<div>\n<p>        <img decoding=\"async\" data-src=\"\/wp-content\/uploads\/2024\/06\/1969.jpg\" alt=\"\" src=\"data:image\/gif;base64,R0lGODlhAQABAAAAACH5BAEKAAEALAAAAAABAAEAAAICTAEAOw==\" class=\"lazyload\" style=\"--smush-placeholder-width: 2048px; --smush-placeholder-aspect-ratio: 2048\/1347;\"><\/p>\n<h1><b>1969<\/b><\/h1>\n<div>Gr\u00fcndung der Tochtergesellschaft VETRA Spedition OHG<\/div>\n<\/div>\n<div>\n<p>        <img decoding=\"async\" data-src=\"\/wp-content\/uploads\/2024\/06\/Bild-6.jpg\" alt=\"\" src=\"data:image\/gif;base64,R0lGODlhAQABAAAAACH5BAEKAAEALAAAAAABAAEAAAICTAEAOw==\" class=\"lazyload\" style=\"--smush-placeholder-width: 2253px; --smush-placeholder-aspect-ratio: 2253\/1553;\"><\/p>\n<h1><b>1971<\/b><\/h1>\n<div>Gr\u00fcndung der Niederlassung Berlin<\/div>\n<\/div>\n<div>\n<p>        <img decoding=\"async\" data-src=\"\/wp-content\/uploads\/2024\/06\/1973.jpg\" alt=\"\" src=\"data:image\/gif;base64,R0lGODlhAQABAAAAACH5BAEKAAEALAAAAAABAAEAAAICTAEAOw==\" class=\"lazyload\" style=\"--smush-placeholder-width: 2048px; --smush-placeholder-aspect-ratio: 2048\/1365;\"><\/p>\n<h1><b>1973<\/b><\/h1>\n<div>\n<p>Gebietsspedition f\u00fcr den Volkswagenkonzern in Berlin durch \u00dcbernahme der Spedition Hildebrandt. Umzug des Stammhauses innerhalb Wolfsburgs nach Wolfsburg-Vorsfelde<\/p>\n<\/div>\n<\/div>\n<div>\n<p>        <img decoding=\"async\" data-src=\"\/wp-content\/uploads\/2024\/06\/Bild-7.jpg\" alt=\"\" src=\"data:image\/gif;base64,R0lGODlhAQABAAAAACH5BAEKAAEALAAAAAABAAEAAAICTAEAOw==\" class=\"lazyload\" style=\"--smush-placeholder-width: 1367px; --smush-placeholder-aspect-ratio: 1367\/980;\"><\/p>\n<h1><b>1986<\/b><\/h1>\n<div>\n<p>\u00dcbergabe der Firmenleitung an <strong>Michael M\u00f6hrmann<\/strong><\/p>\n<\/div>\n<\/div>\n<div>\n<p>        <img decoding=\"async\" data-src=\"\/wp-content\/uploads\/2023\/12\/1991.jpg\" alt=\"\" src=\"data:image\/gif;base64,R0lGODlhAQABAAAAACH5BAEKAAEALAAAAAABAAEAAAICTAEAOw==\" class=\"lazyload\" style=\"--smush-placeholder-width: 2048px; --smush-placeholder-aspect-ratio: 2048\/1354;\"><\/p>\n<h1><b>1990<\/b><\/h1>\n<div>\n<p>Gr\u00fcndung der Tochtergesellschaft Logtrans Spedition + Logistik GmbH in Kooperation mit Spedition Schnellecke<\/p>\n<\/div>\n<\/div>\n<div>\n<p>        <img decoding=\"async\" data-src=\"\/wp-content\/uploads\/2024\/06\/1993.jpg\" alt=\"\" src=\"data:image\/gif;base64,R0lGODlhAQABAAAAACH5BAEKAAEALAAAAAABAAEAAAICTAEAOw==\" class=\"lazyload\" style=\"--smush-placeholder-width: 1452px; --smush-placeholder-aspect-ratio: 1452\/2048;\"><\/p>\n<h1><b>1993<\/b><\/h1>\n<div>\n<p><span>Gr\u00fcndungsmitglied der\u00a0<\/span><a href=\"http:\/\/www.cotrans.de\/\">Cotrans Logistic GmbH &amp; Co. KG<\/a><span>, Wolfsburg<\/span><\/p>\n<\/div>\n<\/div>\n<div>\n<p>        <img decoding=\"async\" data-src=\"\/wp-content\/uploads\/2024\/06\/Bild-8-scaled.jpg\" alt=\"\" src=\"data:image\/gif;base64,R0lGODlhAQABAAAAACH5BAEKAAEALAAAAAABAAEAAAICTAEAOw==\" class=\"lazyload\" style=\"--smush-placeholder-width: 2560px; --smush-placeholder-aspect-ratio: 2560\/1707;\"><\/p>\n<h1><b>1995<\/b><\/h1>\n<div>Umzug der Niederlassung Berlin nach Ludwigsfelde<\/div>\n<\/div>\n<div>\n<p>        <img decoding=\"async\" data-src=\"\/wp-content\/uploads\/2023\/12\/1999.jpg\" alt=\"\" src=\"data:image\/gif;base64,R0lGODlhAQABAAAAACH5BAEKAAEALAAAAAABAAEAAAICTAEAOw==\" class=\"lazyload\" style=\"--smush-placeholder-width: 2048px; --smush-placeholder-aspect-ratio: 2048\/1200;\"><\/p>\n<h1><b>1999<\/b><\/h1>\n<div>\n<p><span>Umzug des Stammhauses in die neu errichtete Speditionsanlage im Industriegebiet Wolfsburg-Heinenkamp<\/span><\/p>\n<\/div>\n<\/div>\n<div>\n<p>        <img decoding=\"async\" data-src=\"\/wp-content\/uploads\/2024\/06\/2005.jpg\" alt=\"\" src=\"data:image\/gif;base64,R0lGODlhAQABAAAAACH5BAEKAAEALAAAAAABAAEAAAICTAEAOw==\" class=\"lazyload\" style=\"--smush-placeholder-width: 2048px; --smush-placeholder-aspect-ratio: 2048\/1536;\"><\/p>\n<h1><b>2005<\/b><\/h1>\n<div>\n<p><span>Gr\u00fcndung der Niederlassung Baden-Baden<\/span><\/p>\n<\/div>\n<\/div>\n<div>\n<p>        <img decoding=\"async\" data-src=\"\/wp-content\/uploads\/2024\/06\/Bild-10-scaled.jpg\" alt=\"\" src=\"data:image\/gif;base64,R0lGODlhAQABAAAAACH5BAEKAAEALAAAAAABAAEAAAICTAEAOw==\" class=\"lazyload\" style=\"--smush-placeholder-width: 2560px; --smush-placeholder-aspect-ratio: 2560\/1706;\"><\/p>\n<h1><b>2007<\/b><\/h1>\n<div>\n<p><span>Beitritt zum Komplettladungsverbund\u00a0<\/span><a href=\"http:\/\/www.elvis-ag.eu\/\">ELVIS AG<\/a><span>\u00a0\u00dcbergabe der Firmenleitung an Martin M\u00f6hrmann<\/span><\/p>\n<\/div>\n<\/div>\n<div>\n<p>        <img decoding=\"async\" data-src=\"\/wp-content\/uploads\/2024\/06\/Bild-9-scaled.jpg\" alt=\"\" src=\"data:image\/gif;base64,R0lGODlhAQABAAAAACH5BAEKAAEALAAAAAABAAEAAAICTAEAOw==\" class=\"lazyload\" style=\"--smush-placeholder-width: 2560px; --smush-placeholder-aspect-ratio: 2560\/1707;\"><\/p>\n<h1><b>2012<\/b><\/h1>\n<div>\n<p><span>Gr\u00fcndungsmitglied der ELVIS Teilladungssystem GmbH<\/span><\/p>\n<\/div>\n<\/div>\n<div>\n<p>        <img decoding=\"async\" data-src=\"\/wp-content\/uploads\/2024\/06\/Bild-12.jpg\" alt=\"\" src=\"data:image\/gif;base64,R0lGODlhAQABAAAAACH5BAEKAAEALAAAAAABAAEAAAICTAEAOw==\" class=\"lazyload\" style=\"--smush-placeholder-width: 850px; --smush-placeholder-aspect-ratio: 850\/646;\"><\/p>\n<h1><b>2019<\/b><\/h1>\n<div>Ende der Gesch\u00e4ftsaktivit\u00e4ten am Standort Ludwigsfelde<\/div>\n<\/div>\n<div>\n<p>        <img decoding=\"async\" data-src=\"\/wp-content\/uploads\/2024\/06\/Bild-11.jpg\" alt=\"\" src=\"data:image\/gif;base64,R0lGODlhAQABAAAAACH5BAEKAAEALAAAAAABAAEAAAICTAEAOw==\" class=\"lazyload\" style=\"--smush-placeholder-width: 621px; --smush-placeholder-aspect-ratio: 621\/353;\"><\/p>\n<h1><b>2023<\/b><\/h1>\n<div>\u00dcbernahme der Gesellschaftsanteile durch die L.I.T. AG<\/div>\n<\/div>\n<div><strong>VETRA<\/strong> SPEDITION GMBH<\/div>\n<div>\n<p>Als 100%ige Tochter der G\u00fcbau Unternehmensgruppe ist die Vetra Spedition spezialisiert auf Lager- und Transportlogistik im temperaturgef\u00fchrten Bereich f\u00fcr Industrieg\u00fcter. Eigene Lager f\u00fcr Gefahrgut und nach Wasserhaushaltsgesetz klassifizierte Stoffe, umfassendes Know-how und die Verbindung mit speziellem Transportequipment gew\u00e4hrleisten dabei hochwertige Dienstleistungsprozesse.<\/p>\n<p>In der Automobilindustrie geh\u00f6rt die Vetra zu den bedeutendsten Spezialisten auf diesem Sektor. F\u00fcr die namhaften Hersteller der chemischen Industrie werden Lacke und Farben direkt aus der Produktion entsorgt und nach der Zwischenpufferung im eigenen Lager abrufgerecht deutschland- und europaweit verteilt.<\/p>\n<p>Die Vetra ist neben der Zertifizierung nach DIN EN ISO 9001:2000 SQAS best\u00e4tigt.<\/p>\n<\/div>\n<div>\n<p>\n<\/div>\n<p><img decoding=\"async\" data-src=\"\/wp-content\/uploads\/2024\/06\/Bild-13-scaled.jpg\" alt=\"\" src=\"data:image\/gif;base64,R0lGODlhAQABAAAAACH5BAEKAAEALAAAAAABAAEAAAICTAEAOw==\" class=\"lazyload\" style=\"--smush-placeholder-width: 1706px; --smush-placeholder-aspect-ratio: 1706\/2560;\"><\/p>\n<h2>G\u00fcbau Logistics GmbH<\/h2>\n<div>Sie m\u00f6chten mehr erfahren? Nutzen Sie unser Kontakt&shy;formular.<\/div>\n<div>\n\n<div class=\"wpcf7 no-js\" id=\"wpcf7-f2085-o1\" lang=\"en-US\" dir=\"ltr\" data-wpcf7-id=\"2085\">\n<div class=\"screen-reader-response\"><p role=\"status\" aria-live=\"polite\" aria-atomic=\"true\"><\/p> <ul><\/ul><\/div>\n<form action=\"\/en\/wp-json\/wp\/v2\/pages\/1758#wpcf7-f2085-o1\" method=\"post\" class=\"wpcf7-form init\" id=\"contact-form-7\" aria-label=\"Contact form\" novalidate=\"novalidate\" data-status=\"init\">\n<div style=\"display: none;\">\n<input type=\"hidden\" name=\"_wpcf7\" value=\"2085\" \/>\n<input type=\"hidden\" name=\"_wpcf7_version\" value=\"6.0.3\" \/>\n<input type=\"hidden\" name=\"_wpcf7_locale\" value=\"en_US\" \/>\n<input type=\"hidden\" name=\"_wpcf7_unit_tag\" value=\"wpcf7-f2085-o1\" \/>\n<input type=\"hidden\" name=\"_wpcf7_container_post\" value=\"0\" \/>\n<input type=\"hidden\" name=\"_wpcf7_posted_data_hash\" value=\"\" \/>\n<\/div>\n<p><label> <span class=\"wpcf7-form-control-wrap\" data-name=\"your-name\"><input size=\"40\" maxlength=\"400\" class=\"wpcf7-form-control wpcf7-text wpcf7-validates-as-required\" aria-required=\"true\" aria-invalid=\"false\" placeholder=\"Vorname, Nachname\" value=\"\" type=\"text\" name=\"your-name\" \/><\/span> <\/label>\n<\/p>\n<p><label> <span class=\"wpcf7-form-control-wrap\" data-name=\"your-email\"><input size=\"40\" maxlength=\"400\" class=\"wpcf7-form-control wpcf7-email wpcf7-validates-as-required wpcf7-text wpcf7-validates-as-email\" aria-required=\"true\" aria-invalid=\"false\" placeholder=\"Ihre E-Mail-Adresse\" value=\"\" type=\"email\" name=\"your-email\" \/><\/span> <\/label>\n<\/p>\n<p><label> <span class=\"wpcf7-form-control-wrap\" data-name=\"your-message\"><textarea cols=\"40\" rows=\"10\" maxlength=\"2000\" class=\"wpcf7-form-control wpcf7-textarea wpcf7-validates-as-required\" aria-required=\"true\" aria-invalid=\"false\" placeholder=\"Ihre Nachricht\" name=\"your-message\"><\/textarea><\/span> <\/label>\n<\/p>\n<p><label>L\u00f6se die Rechenaufgabe<br \/>\n<span class=\"wpcf7-form-control-wrap\" data-name=\"quiz-check\"><label><span class=\"wpcf7-quiz-label\">9-4=<\/span> <input size=\"40\" class=\"wpcf7-form-control wpcf7-quiz\" autocomplete=\"off\" aria-required=\"true\" aria-invalid=\"false\" type=\"text\" name=\"quiz-check\" \/><\/label><input type=\"hidden\" name=\"_wpcf7_quiz_answer_quiz-check\" value=\"5129222b85ca22894bf8e45f9a5e8c0d\" \/><\/span><\/label>\n<\/p>\n<p><span class=\"wpcf7-form-control-wrap\" data-name=\"checkbox-460\"><span class=\"wpcf7-form-control wpcf7-checkbox wpcf7-validates-as-required\"><span class=\"wpcf7-list-item first last\"><label><input type=\"checkbox\" name=\"checkbox-460[]\" value=\"Durch Anklicken des Buttons &quot;Sendenl&quot; willige ich ein, dass mich die G\u00fcbau Logistics GmbH per E-Mail oder Telefon kontaktiert. Ich kann meine Einwilligung jederzeit gegen\u00fcber der G\u00fcbau Logistics GmbH widerrufen. Weitere Informationen finden Sie auf unserer Datenschutzseite.\" \/><span class=\"wpcf7-list-item-label\">Durch Anklicken des Buttons &quot;Sendenl&quot; willige ich ein, dass mich die G\u00fcbau Logistics GmbH per E-Mail oder Telefon kontaktiert. Ich kann meine Einwilligung jederzeit gegen\u00fcber der G\u00fcbau Logistics GmbH widerrufen. Weitere Informationen finden Sie auf unserer Datenschutzseite.<\/span><\/label><\/span><\/span><\/span>\n<\/p><div class=\"wpcf7-response-output\" aria-hidden=\"true\"><\/div>\n<\/form>\n<\/div>\n\n<\/div>\n<div>\n<p>    <button form=\"contact-form-7\" type=\"submit\" class=\"el-content uk-button uk-button-secondary\"><br \/>\n    Senden<br \/>\n<\/button>\n<\/div>\n<p><!--more--><br \/>\n<!-- {\"name\":\"Development\",\"type\":\"layout\",\"children\":[{\"type\":\"section\",\"props\":{\"image\":\"wp-content\\\/uploads\\\/2023\\\/11\\\/8000254.jpg\",\"image_effect\":\"parallax\",\"image_parallax_bgy\":\"-90,0\",\"image_parallax_easing\":\"1\",\"image_position\":\"center-center\",\"image_size\":\"cover\",\"padding\":\"xlarge\",\"style\":\"default\",\"title_breakpoint\":\"xl\",\"title_position\":\"top-left\",\"title_rotation\":\"left\",\"vertical_align\":\"\",\"width\":\"default\"},\"children\":[{\"type\":\"row\",\"children\":[{\"type\":\"column\",\"props\":{\"image_position\":\"center-center\",\"position_sticky_breakpoint\":\"m\"}}]}]},{\"type\":\"section\",\"props\":{\"image_position\":\"center-center\",\"padding\":\"large\",\"padding_remove_bottom\":false,\"padding_remove_top\":false,\"style\":\"default\",\"title_breakpoint\":\"xl\",\"title_position\":\"top-left\",\"title_rotation\":\"left\",\"vertical_align\":\"\",\"width\":\"\"},\"children\":[{\"type\":\"row\",\"children\":[{\"type\":\"column\",\"props\":{\"image_position\":\"center-center\",\"position_sticky_breakpoint\":\"m\",\"style\":\"tile-default\",\"width_medium\":\"1-2\"},\"children\":[{\"type\":\"headline\",\"props\":{\"content\":\"<strong>G\\u00dcBAU \\u2013<\\\/strong><br \\\/>EIN TRADITIONS\\u00adUNTER\\u00adNEHMEN.\",\"margin\":\"small\",\"margin_remove_top\":false,\"position\":\"relative\",\"position_z_index\":\"1\",\"title_element\":\"div\",\"title_style\":\"heading-medium\"}},{\"type\":\"headline\",\"props\":{\"content\":\"<strong>LOGISTIK<\\\/strong> IM BLUT\",\"margin\":\"medium\",\"margin_remove_top\":false,\"position\":\"relative\",\"position_z_index\":\"1\",\"title_color\":\"secondary\",\"title_element\":\"div\",\"title_style\":\"h2\"}},{\"type\":\"text\",\"props\":{\"column_breakpoint\":\"m\",\"content\":\"\n\n<p>Der Name G\\u00fcbau entstand 1948 als Abk\\u00fcrzung f\\u00fcr \\u201cG\\u00fcter- und Baustofftransporte\\u201d. <strong>\\u00dcber 75 Jahre und 3 Familiengenerationen haben wir uns unseren Ruf f\\u00fcr Verl\\u00e4sslichkeit und Kontinuit\\u00e4t erwarbeitet.<\\\/strong> Den gr\\u00f6\\u00dften Wert legen wir dabei auf die Zufriedenheit und den Erfolg unserer Kunden. Das haben wir uns vor \\u00fcber 75 Jahren ins \\u201cStammbuch\\u201c geschrieben \\u2013 und das wird auch so bleiben.<\\\/p>\\n\n\n<p>Vom klassischen Fuhrunternehmen der Nachkriegszeit bis zum Logistikdienstleister im neuen Jahrtausend: die Ver\\u00e4nderungen und das Wachstum haben uns zu einem Unternehmen gemacht, das sich den ge\\u00e4nderten Wettbewerbsbedingungen der Gegenwart erfolgreich stellt.<\\\/p>\\n\n\n<p>Mit dieser Erfahrung und Kompetenz und einem engagierten Mitarbeiter-Team sind wir f\\u00fcr Sie da. Heute und in Zukunft.<\\\/p>\",\"margin\":\"default\",\"position\":\"relative\",\"position_z_index\":\"1\"}},{\"type\":\"button\",\"props\":{\"grid_column_gap\":\"small\",\"grid_row_gap\":\"small\",\"margin\":\"medium\"},\"children\":[{\"type\":\"button_item\",\"props\":{\"button_style\":\"default\",\"content\":\"Hier finden Sie uns\",\"icon_align\":\"left\",\"link\":\"kontakt\\\/\"}}]}]},{\"type\":\"column\",\"props\":{\"image_position\":\"center-center\",\"position_sticky_breakpoint\":\"m\",\"width_medium\":\"1-2\"},\"children\":[{\"type\":\"image\",\"props\":{\"image\":\"wp-content\\\/uploads\\\/2024\\\/06\\\/Bild-2.jpg\",\"image_svg_color\":\"emphasis\",\"margin\":\"default\"}},{\"type\":\"panel\",\"props\":{\"content\":\"Vom klassischen Fuhrunternehmen der Nachkriegszeit bis zum Logistikdienstleister im neuen Jahrtausend: die Ver\\u00e4nderungen und das Wachstum haben uns zu einem Unternehmen gemacht, das sich den ge\\u00e4nderten Wettbewerbsbedingungen der Gegenwart erfolgreich stellt.\",\"content_column_breakpoint\":\"m\",\"icon_width\":80,\"image_align\":\"top\",\"image_grid_breakpoint\":\"m\",\"image_grid_width\":\"1-2\",\"image_svg_color\":\"emphasis\",\"link_style\":\"default\",\"link_text\":\"Read more\",\"margin\":\"default\",\"maxwidth\":\"xlarge\",\"meta_align\":\"below-title\",\"meta_element\":\"div\",\"meta_style\":\"text-meta\",\"panel_padding\":\"default\",\"panel_style\":\"card-primary\",\"position\":\"relative\",\"position_left\":\"-20\",\"position_top\":\"-90\",\"title\":\"SEIT <b>75 JAHREN<\\\/b>\",\"title_align\":\"top\",\"title_element\":\"h1\",\"title_grid_breakpoint\":\"m\",\"title_grid_width\":\"1-2\",\"title_hover_style\":\"reset\",\"title_style\":\"h2\",\"visibility\":\"m\"}},{\"type\":\"panel\",\"props\":{\"content\":\"Vom klassischen Fuhrunternehmen der Nachkriegszeit bis zum Logistikdienstleister im neuen Jahrtausend: die Ver\\u00e4nderungen und das Wachstum haben uns zu einem Unternehmen gemacht, das sich den ge\\u00e4nderten Wettbewerbsbedingungen der Gegenwart erfolgreich stellt.\",\"content_column_breakpoint\":\"m\",\"icon_width\":80,\"image_align\":\"top\",\"image_grid_breakpoint\":\"m\",\"image_grid_width\":\"1-2\",\"image_svg_color\":\"emphasis\",\"link_style\":\"default\",\"link_text\":\"Read more\",\"margin\":\"default\",\"maxwidth\":\"xlarge\",\"meta_align\":\"below-title\",\"meta_element\":\"div\",\"meta_style\":\"text-meta\",\"panel_padding\":\"default\",\"panel_style\":\"card-primary\",\"position_left\":\"-20\",\"position_top\":\"-90\",\"title\":\"SEIT <b>75 JAHREN<\\\/b>\",\"title_align\":\"top\",\"title_element\":\"h1\",\"title_grid_breakpoint\":\"m\",\"title_grid_width\":\"1-2\",\"title_hover_style\":\"reset\",\"title_style\":\"h2\",\"visibility\":\"hidden-m\"}}]}],\"props\":{\"column_gap\":\"large\",\"layout\":\"1-2,1-2\",\"padding_remove_horizontal\":true,\"width\":\"large\",\"width_expand\":\"right\"}},{\"type\":\"row\",\"props\":{\"margin\":\"large\",\"margin_remove_top\":false},\"children\":[{\"type\":\"column\",\"props\":{\"image_position\":\"center-center\",\"position_sticky_breakpoint\":\"m\"},\"children\":[{\"type\":\"image\",\"props\":{\"animation\":\"parallax\",\"image\":\"wp-content\\\/uploads\\\/2024\\\/06\\\/Bild-3-scaled-e1718611165976.jpg\",\"image_svg_color\":\"emphasis\",\"image_width\":\"790\",\"margin\":\"default\",\"parallax_easing\":\"0.6\",\"parallax_transform_origin\":\"center-left\",\"position\":\"relative\",\"position_bottom\":\"-5vh\",\"position_z_index\":\"0\",\"text_align\":\"left\",\"visibility\":\"l\"}},{\"type\":\"image\",\"props\":{\"animation\":\"parallax\",\"image\":\"wp-content\\\/uploads\\\/2024\\\/06\\\/Bild-4-e1718611182685.jpg\",\"image_svg_color\":\"emphasis\",\"image_width\":\"500\",\"margin\":\"default\",\"parallax_easing\":\"0.5\",\"parallax_target\":\"!.uk-section\",\"position\":\"absolute\",\"position_left\":\"5vw\",\"position_top\":\"35vh\",\"position_z_index\":\"3\",\"text_align\":\"center\",\"visibility\":\"l\"}},{\"type\":\"image\",\"props\":{\"animation\":\"parallax\",\"image\":\"wp-content\\\/uploads\\\/2024\\\/06\\\/Bild-5-scaled-e1718611238559.jpg\",\"image_svg_color\":\"emphasis\",\"image_width\":\"620\",\"margin\":\"default\",\"parallax_easing\":\"1\",\"position\":\"absolute\",\"position_top\":\"-5vh\",\"position_z_index\":\"1\",\"text_align\":\"right\",\"visibility\":\"l\"}}]}]}],\"name\":\"Philosophy\"},{\"type\":\"section\",\"props\":{\"id\":\"wo\",\"image_effect\":\"parallax\",\"image_parallax_bgx\":\"80,80\",\"image_parallax_bgy\":\"60,30\",\"image_parallax_easing\":\"1\",\"image_position\":\"bottom-right\",\"image_width\":\"550\",\"media_visibility\":\"m\",\"padding\":\"large\",\"padding_remove_bottom\":false,\"style\":\"default\",\"title_breakpoint\":\"xl\",\"title_position\":\"top-left\",\"title_rotation\":\"left\",\"vertical_align\":\"\",\"width\":\"xlarge\"},\"children\":[{\"type\":\"row\",\"props\":{\"column_gap\":\"collapse\",\"layout\":\"2-3,1-3\",\"padding_remove_horizontal\":false,\"row_gap\":\"collapse\"},\"children\":[{\"type\":\"column\",\"props\":{\"image_position\":\"center-center\",\"position_sticky_breakpoint\":\"m\",\"style\":\"tile-muted\",\"vertical_align\":\"middle\",\"width_medium\":\"2-3\"},\"children\":[{\"type\":\"headline\",\"props\":{\"block_align\":\"center\",\"content\":\"<strong>Wo<\\\/strong> Sie uns finden\",\"css\":\".el-element {\\n    text-transform: uppercase;\\n}\",\"margin\":\"remove-vertical\",\"title_element\":\"div\",\"title_style\":\"heading-small\"}},{\"type\":\"text\",\"props\":{\"block_align\":\"center\",\"column_breakpoint\":\"m\",\"content\":\"\n\n<p>Wir sind gro\\u00df geworden in einer Region, die einer der Pulsgeber der deutschen Automobilindustrie und der Motor des Wirtschaftswunders ist. Heute befinden sich unsere Niederlassungen an strategischen Orten Deutschlands: Dicht an oder in den Ballungsr\\u00e4umen, die f\\u00fcr unsere Kunden von Bedeutung sind.<\\\/p>\\n\n\n<p>Dort bewirtschaften wir als Beschaffungs-, Lager- und Distributionslogistik-Experten mit Kompetenz modernste Lager zur Erf\\u00fcllung der an uns gestellten Anforderungen. Auch eine Form der Kundenn\\u00e4he.<\\\/p>\",\"margin\":\"default\"}},{\"type\":\"grid\",\"props\":{\"content_column_breakpoint\":\"m\",\"css\":\".el-title {\\n    text-transform: uppercase;\\n}\",\"filter_align\":\"left\",\"filter_all\":true,\"filter_grid_breakpoint\":\"m\",\"filter_grid_width\":\"auto\",\"filter_position\":\"top\",\"filter_style\":\"tab\",\"grid_default\":\"1\",\"grid_medium\":\"2\",\"icon_width\":80,\"image_align\":\"top\",\"image_grid_breakpoint\":\"m\",\"image_grid_width\":\"1-2\",\"image_svg_color\":\"emphasis\",\"item_animation\":true,\"link_style\":\"default\",\"link_text\":\"Read more\",\"margin\":\"large\",\"meta_align\":\"below-title\",\"meta_element\":\"div\",\"meta_style\":\"text-meta\",\"parallax_easing\":\"1\",\"show_content\":true,\"show_image\":true,\"show_link\":true,\"show_meta\":true,\"show_title\":true,\"title_align\":\"top\",\"title_element\":\"h3\",\"title_grid_breakpoint\":\"m\",\"title_grid_width\":\"1-2\",\"title_hover_style\":\"reset\",\"title_margin\":\"large\"},\"children\":[{\"type\":\"grid_item\",\"props\":{\"content\":\"\n\n<p>Dem Ruf der Automobilindustrie folgend, sind wir seit den 50er Jahren des vergangenen Jahrhunderts in der Volkswagen-Stadt zu Hause. Hier finden Sie uns seit 1999 im Industriegebiet Heinenkamp, vor den Toren der Stadt, in einer neu errichteten, modernen Logistikanlage. Im angeschlossenen Verwaltungskomplex laufen die zentralen administrativen F\\u00e4den der Niederlassungen zusammen. Dank eines Autobahnanschlusses vor der Haust\\u00fcr und der N\\u00e4he zu den Ost-West- bzw. Nord-S\\u00fcd-Achsen A2 und A7 ist Wolfsburg ein idealer Standort f\\u00fcr Linien- und Verteilerverkehre innerhalb der Bundesrepublik und ins europ\\u00e4ische Ausland.<\\\/p>\",\"title\":\"<b>Wolfsburg<\\\/b>\"}},{\"type\":\"grid_item\",\"props\":{\"content\":\"\n\n<p>Die 2005 entstandene Niederlassung im Badischen Land stellt seit ihrer Gr\\u00fcndung einen weiteren Kompetenztr\\u00e4ger f\\u00fcr unsere logistischen Dienstleistungen dar. Branchen\\u00fcbergreifende Auftr\\u00e4ge in der Beschaffungslogistik umfassen neben der Organisation der Zulauffrachten in den Bereichen Sammelgut, Komplettladung und Just-in-Time die Lagerhaltung und Kommissionierung von Zulieferteilen sowie mehrfach t\\u00e4glich die produktionsgerechte Konfektionierung der Ware und Anlieferung in die Produktion oder zum Versand.<\\\/p>\\n\n\n<p>Strategisch nah an der Verkehrsachse A5 gelegen, erg\\u00e4nzen sich die Lage in einem der automobilen Zentren S\\u00fcddeutschlands und die langj\\u00e4hrigen Erfahrungen der G\\u00fcbau Unternehmensgruppe im Automotive-Bereich zu einem gelungenen Ganzen.<\\\/p>\",\"title\":\"<b>Baden-Baden<\\\/b>\"}}]}]},{\"type\":\"column\",\"props\":{\"image_position\":\"center-center\",\"padding\":\"large\",\"position_sticky_breakpoint\":\"m\",\"style\":\"tile-secondary\",\"vertical_align\":\"middle\",\"width_medium\":\"1-3\"},\"children\":[{\"type\":\"popover\",\"props\":{\"background_image\":\"wp-content\\\/uploads\\\/2023\\\/11\\\/guebau_karte.svg\",\"background_image_width\":\"800\",\"card_style\":\"default\",\"drop_mode\":\"hover\",\"drop_position\":\"top-center\",\"icon\":\"plus\",\"image_card_padding\":false,\"image_svg_color\":\"emphasis\",\"link_style\":\"default\",\"link_text\":\"Read more\",\"margin\":\"default\",\"meta_align\":\"below-title\",\"meta_element\":\"div\",\"meta_style\":\"text-meta\",\"show_content\":true,\"show_image\":true,\"show_link\":true,\"show_meta\":true,\"show_title\":true,\"title_color\":\"primary\",\"title_element\":\"h3\",\"title_hover_style\":\"reset\"},\"children\":[{\"type\":\"popover_item\",\"props\":{\"content\":\"\n\n<p><span>G\\u00fcbau Logistics GmbH<\\\/span><br \\\/><span>Peter-Hurst-Stra\\u00dfe 3<\\\/span><br \\\/><span>38444 Wolfsburg<\\\/span><\\\/p>\",\"image\":\"\",\"position_x\":\"52\",\"position_y\":\"33\",\"title\":\"<b>ZENTRALE WOLFSBURG<\\\/b>\"}},{\"type\":\"popover_item\",\"props\":{\"content\":\"\n\n<p>G\\u00fcbau Logistics GmbH <br \\\/>Robert-Bosch-Stra\\u00dfe 4 <br \\\/>76532 Baden-Baden<\\\/p>\",\"image\":\"\",\"position_x\":\"25\",\"position_y\":\"79\",\"title\":\"<b>BADEN-BADEN<\\\/b>\"}}]}]}]}],\"name\":\"Architect\"},{\"type\":\"section\",\"props\":{\"image\":\"wp-content\\\/uploads\\\/2023\\\/11\\\/8009544-e1711456213800.jpg\",\"image_effect\":\"parallax\",\"image_parallax_bgy\":\"20,0\",\"image_parallax_easing\":\"1\",\"image_position\":\"center-center\",\"image_size\":\"cover\",\"padding\":\"xlarge\",\"style\":\"default\",\"title_breakpoint\":\"xl\",\"title_position\":\"top-left\",\"title_rotation\":\"left\",\"vertical_align\":\"\",\"width\":\"default\"},\"children\":[{\"type\":\"row\",\"children\":[{\"type\":\"column\",\"props\":{\"image_position\":\"center-center\",\"position_sticky_breakpoint\":\"m\"}}]}]},{\"type\":\"section\",\"props\":{\"image\":\"wp-content\\\/uploads\\\/2023\\\/11\\\/zeitstrahl_oben.svg\",\"image_position\":\"center-center\",\"image_width\":\"35\",\"media_visibility\":\"m\",\"padding\":\"large\",\"padding_remove_bottom\":true,\"style\":\"default\",\"title_breakpoint\":\"xl\",\"title_position\":\"top-left\",\"title_rotation\":\"left\",\"vertical_align\":\"\",\"width\":\"default\"},\"children\":[{\"type\":\"row\",\"props\":{\"layout\":\"large,expand,large\",\"margin_remove_bottom\":false},\"children\":[{\"type\":\"column\",\"props\":{\"image_position\":\"center-center\",\"position_sticky_breakpoint\":\"m\",\"width_medium\":\"large\"},\"children\":[{\"type\":\"headline\",\"props\":{\"content\":\"EINE \\u00dcBER <strong>75-J\\u00c4HRIGE ERFOLGS\\u00adSTORY<\\\/strong>\",\"margin\":\"medium\",\"margin_remove_top\":false,\"position\":\"relative\",\"position_z_index\":\"1\",\"text_align\":\"left\",\"title_color\":\"secondary\",\"title_element\":\"div\",\"title_style\":\"heading-small\"}},{\"type\":\"text\",\"props\":{\"column_breakpoint\":\"m\",\"content\":\"Vom klassischen Fuhrunternehmen der Nachkriegszeit bis zum Logistikdienstleister im neuen Jahrtausend: die Ver\\u00e4nderungen und das Wachstum haben uns zu einem Unternehmen gemacht, das sich den ge\\u00e4nderten Wettbewerbsbedingungen der Gegenwart erfolgreich stellt.\",\"margin\":\"small\",\"margin_remove_top\":false,\"text_color\":\"secondary\"}}]},{\"type\":\"column\",\"props\":{\"image_position\":\"center-center\",\"position_sticky_breakpoint\":\"m\",\"width_medium\":\"small\"}},{\"type\":\"column\",\"props\":{\"image_position\":\"center-center\",\"position_sticky_breakpoint\":\"m\",\"width_medium\":\"large\"},\"children\":[{\"type\":\"panel\",\"props\":{\"content\":\"Gr\\u00fcndung des Unternehmens in Gifhorn unter der Firmen\\u00adbezeichnung \\u201cG\\u00fcter- und Baustoff\\u00adtransporte\\u201d (G\\u00fcbau) Spedition durch Friedrich M\\u00f6hrmann\",\"content_column_breakpoint\":\"m\",\"icon_width\":80,\"image\":\"wp-content\\\/uploads\\\/2023\\\/12\\\/1948.jpg\",\"image_align\":\"bottom\",\"image_grid_breakpoint\":\"m\",\"image_grid_width\":\"1-2\",\"image_height\":\"600\",\"image_svg_color\":\"emphasis\",\"image_width\":\"1000\",\"link_style\":\"default\",\"link_text\":\"Read more\",\"margin\":\"default\",\"meta_align\":\"below-title\",\"meta_element\":\"div\",\"meta_style\":\"text-meta\",\"title\":\"<b>1948<\\\/b>\",\"title_align\":\"top\",\"title_color\":\"primary\",\"title_element\":\"h1\",\"title_grid_breakpoint\":\"m\",\"title_grid_width\":\"1-2\",\"title_hover_style\":\"reset\"}}]}]}]},{\"type\":\"section\",\"props\":{\"image\":\"wp-content\\\/uploads\\\/2023\\\/11\\\/zeitstrahl_mitte.svg\",\"image_position\":\"top-center\",\"image_width\":\"35\",\"media_visibility\":\"m\",\"padding\":\"large\",\"padding_remove_bottom\":true,\"padding_remove_top\":false,\"style\":\"default\",\"title_breakpoint\":\"xl\",\"title_position\":\"top-left\",\"title_rotation\":\"left\",\"vertical_align\":\"\",\"width\":\"default\"},\"children\":[{\"type\":\"row\",\"props\":{\"layout\":\"large,expand,large\",\"margin\":\"remove-vertical\",\"margin_remove_top\":true,\"row_gap\":\"collapse\"},\"children\":[{\"type\":\"column\",\"props\":{\"image_position\":\"center-center\",\"position_sticky_breakpoint\":\"m\",\"width_medium\":\"large\"},\"children\":[{\"type\":\"panel\",\"props\":{\"content\":\"\n\n<p>Verlegung des Firmensitzes <strong>nach Wolfsburg<\\\/strong><\\\/p>\",\"content_column_breakpoint\":\"m\",\"icon_width\":80,\"image\":\"wp-content\\\/uploads\\\/2023\\\/12\\\/1953-e1702889972130.jpg\",\"image_align\":\"bottom\",\"image_grid_breakpoint\":\"m\",\"image_grid_width\":\"1-2\",\"image_height\":\"600\",\"image_svg_color\":\"emphasis\",\"image_width\":\"1000\",\"link_style\":\"default\",\"link_text\":\"Read more\",\"margin\":\"default\",\"meta_align\":\"below-title\",\"meta_element\":\"div\",\"meta_style\":\"text-meta\",\"text_align\":\"right\",\"text_align_breakpoint\":\"m\",\"text_align_fallback\":\"left\",\"title\":\"<b>1953<\\\/b>\",\"title_align\":\"top\",\"title_color\":\"primary\",\"title_element\":\"h1\",\"title_grid_breakpoint\":\"m\",\"title_grid_width\":\"1-2\",\"title_hover_style\":\"reset\"}}]},{\"type\":\"column\",\"props\":{\"image_position\":\"center-center\",\"position_sticky_breakpoint\":\"m\",\"width_medium\":\"small\"}},{\"type\":\"column\",\"props\":{\"image_position\":\"center-center\",\"position_sticky_breakpoint\":\"m\",\"width_medium\":\"large\"},\"children\":[{\"type\":\"panel\",\"props\":{\"content\":\"Gr\\u00fcndung der Tochtergesellschaft VETRA Spedition OHG\",\"content_column_breakpoint\":\"m\",\"icon_width\":80,\"image\":\"wp-content\\\/uploads\\\/2024\\\/06\\\/1969.jpg\",\"image_align\":\"bottom\",\"image_grid_breakpoint\":\"m\",\"image_grid_width\":\"2-5\",\"image_svg_color\":\"emphasis\",\"link_style\":\"default\",\"link_text\":\"Read more\",\"margin\":\"default\",\"meta_align\":\"below-title\",\"meta_element\":\"div\",\"meta_style\":\"text-meta\",\"title\":\"<b>1969<\\\/b>\",\"title_align\":\"top\",\"title_color\":\"primary\",\"title_element\":\"h1\",\"title_grid_breakpoint\":\"m\",\"title_grid_width\":\"1-2\",\"title_hover_style\":\"reset\"}}]}]}]},{\"type\":\"section\",\"props\":{\"image\":\"wp-content\\\/uploads\\\/2023\\\/11\\\/zeitstrahl_mitte.svg\",\"image_position\":\"top-center\",\"image_width\":\"35\",\"media_visibility\":\"m\",\"padding\":\"large\",\"padding_remove_bottom\":true,\"padding_remove_top\":false,\"style\":\"default\",\"title_breakpoint\":\"xl\",\"title_position\":\"top-left\",\"title_rotation\":\"left\",\"vertical_align\":\"\",\"width\":\"default\"},\"children\":[{\"type\":\"row\",\"props\":{\"layout\":\"large,expand,large\",\"margin\":\"remove-vertical\",\"margin_remove_top\":true,\"row_gap\":\"collapse\"},\"children\":[{\"type\":\"column\",\"props\":{\"image_position\":\"center-center\",\"position_sticky_breakpoint\":\"m\",\"width_medium\":\"large\"},\"children\":[{\"type\":\"panel\",\"props\":{\"content\":\"Gr\\u00fcndung der Niederlassung Berlin\",\"content_column_breakpoint\":\"m\",\"icon_width\":80,\"image\":\"wp-content\\\/uploads\\\/2024\\\/06\\\/Bild-6.jpg\",\"image_align\":\"bottom\",\"image_grid_breakpoint\":\"m\",\"image_grid_width\":\"1-2\",\"image_height\":\"600\",\"image_svg_color\":\"emphasis\",\"image_width\":\"1000\",\"link_style\":\"default\",\"link_text\":\"Read more\",\"margin\":\"default\",\"meta_align\":\"below-title\",\"meta_element\":\"div\",\"meta_style\":\"text-meta\",\"text_align\":\"right\",\"text_align_breakpoint\":\"m\",\"text_align_fallback\":\"left\",\"title\":\"<b>1971<\\\/b>\",\"title_align\":\"top\",\"title_color\":\"primary\",\"title_element\":\"h1\",\"title_grid_breakpoint\":\"m\",\"title_grid_width\":\"1-2\",\"title_hover_style\":\"reset\"}}]},{\"type\":\"column\",\"props\":{\"image_position\":\"center-center\",\"position_sticky_breakpoint\":\"m\",\"width_medium\":\"small\"}},{\"type\":\"column\",\"props\":{\"image_position\":\"center-center\",\"position_sticky_breakpoint\":\"m\",\"width_medium\":\"large\"},\"children\":[{\"type\":\"panel\",\"props\":{\"content\":\"\n\n<p>Gebietsspedition f\\u00fcr den Volkswagenkonzern in Berlin durch \\u00dcbernahme der Spedition Hildebrandt. Umzug des Stammhauses innerhalb Wolfsburgs nach Wolfsburg-Vorsfelde<\\\/p>\",\"content_column_breakpoint\":\"m\",\"icon_width\":80,\"image\":\"wp-content\\\/uploads\\\/2024\\\/06\\\/1973.jpg\",\"image_align\":\"bottom\",\"image_grid_breakpoint\":\"m\",\"image_grid_width\":\"1-2\",\"image_height\":\"600\",\"image_svg_color\":\"emphasis\",\"image_width\":\"1000\",\"link_style\":\"default\",\"link_text\":\"Read more\",\"margin\":\"default\",\"meta_align\":\"below-title\",\"meta_element\":\"div\",\"meta_style\":\"text-meta\",\"text_align\":\"left\",\"title\":\"<b>1973<\\\/b>\",\"title_align\":\"top\",\"title_color\":\"primary\",\"title_element\":\"h1\",\"title_grid_breakpoint\":\"m\",\"title_grid_width\":\"1-2\",\"title_hover_style\":\"reset\"}},{\"type\":\"panel\",\"props\":{\"content\":\"\n\n<p>\\u00dcbergabe der Firmenleitung an <strong>Michael M\\u00f6hrmann<\\\/strong><\\\/p>\",\"content_column_breakpoint\":\"m\",\"icon_width\":80,\"image\":\"wp-content\\\/uploads\\\/2024\\\/06\\\/Bild-7.jpg\",\"image_align\":\"bottom\",\"image_grid_breakpoint\":\"m\",\"image_grid_width\":\"1-2\",\"image_svg_color\":\"emphasis\",\"link_style\":\"default\",\"link_text\":\"Read more\",\"margin\":\"default\",\"meta_align\":\"below-title\",\"meta_element\":\"div\",\"meta_style\":\"text-meta\",\"text_align\":\"left\",\"title\":\"<b>1986<\\\/b>\",\"title_align\":\"top\",\"title_color\":\"primary\",\"title_element\":\"h1\",\"title_grid_breakpoint\":\"m\",\"title_grid_width\":\"1-2\",\"title_hover_style\":\"reset\"}}]}]}]},{\"type\":\"section\",\"props\":{\"image\":\"wp-content\\\/uploads\\\/2023\\\/11\\\/zeitstrahl_mitte.svg\",\"image_position\":\"center-center\",\"image_width\":\"35\",\"media_visibility\":\"m\",\"style\":\"default\",\"title_breakpoint\":\"xl\",\"title_position\":\"top-left\",\"title_rotation\":\"left\",\"vertical_align\":\"\",\"width\":\"default\"},\"children\":[{\"type\":\"row\",\"props\":{\"layout\":\"large,expand,large\",\"margin\":\"remove-vertical\"},\"children\":[{\"type\":\"column\",\"props\":{\"image_position\":\"center-center\",\"position_sticky_breakpoint\":\"m\",\"width_medium\":\"large\"},\"children\":[{\"type\":\"panel\",\"props\":{\"content\":\"\n\n<p>Gr\\u00fcndung der Tochtergesellschaft Logtrans Spedition + Logistik GmbH in Kooperation mit Spedition Schnellecke<\\\/p>\",\"content_column_breakpoint\":\"m\",\"icon_width\":80,\"image\":\"wp-content\\\/uploads\\\/2023\\\/12\\\/1991.jpg\",\"image_align\":\"bottom\",\"image_grid_breakpoint\":\"m\",\"image_grid_width\":\"1-2\",\"image_height\":\"600\",\"image_svg_color\":\"emphasis\",\"image_width\":\"1000\",\"link_style\":\"default\",\"link_text\":\"Read more\",\"margin\":\"default\",\"meta_align\":\"below-title\",\"meta_element\":\"div\",\"meta_style\":\"text-meta\",\"text_align\":\"right\",\"text_align_breakpoint\":\"m\",\"text_align_fallback\":\"left\",\"title\":\"<b>1990<\\\/b>\",\"title_align\":\"top\",\"title_color\":\"primary\",\"title_element\":\"h1\",\"title_grid_breakpoint\":\"m\",\"title_grid_width\":\"1-2\",\"title_hover_style\":\"reset\"}}]},{\"type\":\"column\",\"props\":{\"image_position\":\"center-center\",\"position_sticky_breakpoint\":\"m\",\"width_medium\":\"small\"}},{\"type\":\"column\",\"props\":{\"image_position\":\"center-center\",\"position_sticky_breakpoint\":\"m\",\"width_medium\":\"large\"},\"children\":[{\"type\":\"panel\",\"props\":{\"content\":\"\n\n<p><span>Gr\\u00fcndungsmitglied der\\u00a0<\\\/span><a href=\\\"http:\\\/\\\/www.cotrans.de\\\/\\\">Cotrans Logistic GmbH &amp; Co. KG<\\\/a><span>, Wolfsburg<\\\/span><\\\/p>\",\"content_column_breakpoint\":\"m\",\"icon_width\":80,\"image\":\"wp-content\\\/uploads\\\/2024\\\/06\\\/1993.jpg\",\"image_align\":\"right\",\"image_grid_breakpoint\":\"m\",\"image_grid_width\":\"2-5\",\"image_svg_color\":\"emphasis\",\"link_style\":\"default\",\"link_text\":\"Read more\",\"margin\":\"default\",\"meta_align\":\"below-title\",\"meta_element\":\"div\",\"meta_style\":\"text-meta\",\"text_align\":\"left\",\"text_align_breakpoint\":\"s\",\"text_align_fallback\":\"left\",\"title\":\"<b>1993<\\\/b>\",\"title_align\":\"top\",\"title_color\":\"primary\",\"title_element\":\"h1\",\"title_grid_breakpoint\":\"m\",\"title_grid_width\":\"1-2\",\"title_hover_style\":\"reset\"}}]}]}]},{\"type\":\"section\",\"props\":{\"image\":\"wp-content\\\/uploads\\\/2023\\\/11\\\/zeitstrahl_mitte.svg\",\"image_position\":\"center-center\",\"image_width\":\"35\",\"media_visibility\":\"m\",\"padding\":\"large\",\"padding_remove_top\":true,\"style\":\"default\",\"title_breakpoint\":\"xl\",\"title_position\":\"top-left\",\"title_rotation\":\"left\",\"vertical_align\":\"\",\"width\":\"default\"},\"children\":[{\"type\":\"row\",\"props\":{\"layout\":\"large,expand,large\"},\"children\":[{\"type\":\"column\",\"props\":{\"image_position\":\"center-center\",\"position_sticky_breakpoint\":\"m\",\"width_medium\":\"large\"},\"children\":[{\"type\":\"panel\",\"props\":{\"content\":\"Umzug der Niederlassung Berlin nach Ludwigsfelde\",\"content_column_breakpoint\":\"m\",\"icon_width\":80,\"image\":\"wp-content\\\/uploads\\\/2024\\\/06\\\/Bild-8-scaled.jpg\",\"image_align\":\"bottom\",\"image_grid_breakpoint\":\"m\",\"image_grid_width\":\"2-5\",\"image_svg_color\":\"emphasis\",\"link_style\":\"default\",\"link_text\":\"Read more\",\"margin\":\"default\",\"meta_align\":\"below-title\",\"meta_element\":\"div\",\"meta_style\":\"text-meta\",\"text_align\":\"right\",\"text_align_breakpoint\":\"m\",\"text_align_fallback\":\"left\",\"title\":\"<b>1995<\\\/b>\",\"title_align\":\"top\",\"title_color\":\"primary\",\"title_element\":\"h1\",\"title_grid_breakpoint\":\"m\",\"title_grid_width\":\"1-2\",\"title_hover_style\":\"reset\"}}]},{\"type\":\"column\",\"props\":{\"image_position\":\"center-center\",\"position_sticky_breakpoint\":\"m\",\"width_medium\":\"small\"}},{\"type\":\"column\",\"props\":{\"image_position\":\"center-center\",\"position_sticky_breakpoint\":\"m\",\"width_medium\":\"large\"},\"children\":[{\"type\":\"panel\",\"props\":{\"content\":\"\n\n<p><span>Umzug des Stammhauses in die neu errichtete Speditionsanlage im Industriegebiet Wolfsburg-Heinenkamp<\\\/span><\\\/p>\",\"content_column_breakpoint\":\"m\",\"icon_width\":80,\"image\":\"wp-content\\\/uploads\\\/2023\\\/12\\\/1999.jpg\",\"image_align\":\"bottom\",\"image_grid_breakpoint\":\"m\",\"image_grid_width\":\"1-2\",\"image_height\":\"600\",\"image_svg_color\":\"emphasis\",\"image_width\":\"1000\",\"link_style\":\"default\",\"link_text\":\"Read more\",\"margin\":\"default\",\"meta_align\":\"below-title\",\"meta_element\":\"div\",\"meta_style\":\"text-meta\",\"text_align\":\"left\",\"title\":\"<b>1999<\\\/b>\",\"title_align\":\"top\",\"title_color\":\"primary\",\"title_element\":\"h1\",\"title_grid_breakpoint\":\"m\",\"title_grid_width\":\"1-2\",\"title_hover_style\":\"reset\"}}]}]}]},{\"type\":\"section\",\"props\":{\"image\":\"wp-content\\\/uploads\\\/2023\\\/11\\\/zeitstrahl_mitte.svg\",\"image_position\":\"center-center\",\"image_width\":\"35\",\"media_visibility\":\"m\",\"padding\":\"large\",\"padding_remove_top\":true,\"style\":\"default\",\"title_breakpoint\":\"xl\",\"title_position\":\"top-left\",\"title_rotation\":\"left\",\"vertical_align\":\"\",\"width\":\"default\"},\"children\":[{\"type\":\"row\",\"props\":{\"layout\":\"large,expand,large\"},\"children\":[{\"type\":\"column\",\"props\":{\"image_position\":\"center-center\",\"position_sticky_breakpoint\":\"m\",\"width_medium\":\"large\"},\"children\":[{\"type\":\"panel\",\"props\":{\"content\":\"\n\n<p><span>Gr\\u00fcndung der Niederlassung Baden-Baden<\\\/span><\\\/p>\",\"content_column_breakpoint\":\"m\",\"icon_width\":80,\"image\":\"wp-content\\\/uploads\\\/2024\\\/06\\\/2005.jpg\",\"image_align\":\"bottom\",\"image_grid_breakpoint\":\"m\",\"image_grid_width\":\"1-2\",\"image_height\":\"600\",\"image_svg_color\":\"emphasis\",\"image_width\":\"1000\",\"link_style\":\"default\",\"link_text\":\"Read more\",\"margin\":\"default\",\"meta_align\":\"below-title\",\"meta_element\":\"div\",\"meta_style\":\"text-meta\",\"text_align\":\"right\",\"text_align_breakpoint\":\"m\",\"text_align_fallback\":\"left\",\"title\":\"<b>2005<\\\/b>\",\"title_align\":\"top\",\"title_color\":\"primary\",\"title_element\":\"h1\",\"title_grid_breakpoint\":\"m\",\"title_grid_width\":\"1-2\",\"title_hover_style\":\"reset\"}},{\"type\":\"panel\",\"props\":{\"content\":\"\n\n<p><span>Beitritt zum Komplettladungsverbund\\u00a0<\\\/span><a href=\\\"http:\\\/\\\/www.elvis-ag.eu\\\/\\\">ELVIS AG<\\\/a><span>\\u00a0\\u00dcbergabe der Firmenleitung an Martin M\\u00f6hrmann<\\\/span><\\\/p>\",\"content_column_breakpoint\":\"m\",\"icon_width\":80,\"image\":\"wp-content\\\/uploads\\\/2024\\\/06\\\/Bild-10-scaled.jpg\",\"image_align\":\"bottom\",\"image_grid_breakpoint\":\"m\",\"image_grid_width\":\"2-5\",\"image_svg_color\":\"emphasis\",\"link_style\":\"default\",\"link_text\":\"Read more\",\"margin\":\"default\",\"meta_align\":\"below-title\",\"meta_element\":\"div\",\"meta_style\":\"text-meta\",\"text_align\":\"right\",\"text_align_breakpoint\":\"m\",\"text_align_fallback\":\"left\",\"title\":\"<b>2007<\\\/b>\",\"title_align\":\"top\",\"title_color\":\"primary\",\"title_element\":\"h1\",\"title_grid_breakpoint\":\"m\",\"title_grid_width\":\"1-2\",\"title_hover_style\":\"reset\"}}]},{\"type\":\"column\",\"props\":{\"image_position\":\"center-center\",\"position_sticky_breakpoint\":\"m\",\"width_medium\":\"small\"}},{\"type\":\"column\",\"props\":{\"image_position\":\"center-center\",\"position_sticky_breakpoint\":\"m\",\"width_medium\":\"large\"},\"children\":[{\"type\":\"panel\",\"props\":{\"content\":\"\n\n<p><span>Gr\\u00fcndungsmitglied der ELVIS Teilladungssystem GmbH<\\\/span><\\\/p>\",\"content_column_breakpoint\":\"m\",\"icon_width\":80,\"image\":\"wp-content\\\/uploads\\\/2024\\\/06\\\/Bild-9-scaled.jpg\",\"image_align\":\"bottom\",\"image_grid_breakpoint\":\"m\",\"image_grid_width\":\"2-5\",\"image_height\":\"600\",\"image_svg_color\":\"emphasis\",\"image_width\":\"1000\",\"link_style\":\"default\",\"link_text\":\"Read more\",\"margin\":\"default\",\"meta_align\":\"below-title\",\"meta_element\":\"div\",\"meta_style\":\"text-meta\",\"title\":\"<b>2012<\\\/b>\",\"title_align\":\"top\",\"title_color\":\"primary\",\"title_element\":\"h1\",\"title_grid_breakpoint\":\"m\",\"title_grid_width\":\"1-2\",\"title_hover_style\":\"reset\"}}]}]}]},{\"type\":\"section\",\"props\":{\"image\":\"wp-content\\\/uploads\\\/2023\\\/11\\\/zeitstrahl_mitte.svg\",\"image_position\":\"center-center\",\"image_width\":\"35\",\"media_visibility\":\"m\",\"padding\":\"large\",\"padding_remove_top\":true,\"style\":\"default\",\"title_breakpoint\":\"xl\",\"title_position\":\"top-left\",\"title_rotation\":\"left\",\"vertical_align\":\"\",\"width\":\"default\"},\"children\":[{\"type\":\"row\",\"props\":{\"layout\":\"large,expand,large\"},\"children\":[{\"type\":\"column\",\"props\":{\"image_position\":\"center-center\",\"position_sticky_breakpoint\":\"m\",\"vertical_align\":\"middle\",\"width_medium\":\"large\"},\"children\":[{\"type\":\"panel\",\"props\":{\"content\":\"Ende der Gesch\\u00e4ftsaktivit\\u00e4ten am Standort Ludwigsfelde\",\"content_column_breakpoint\":\"m\",\"icon_width\":80,\"image\":\"wp-content\\\/uploads\\\/2024\\\/06\\\/Bild-12.jpg\",\"image_align\":\"bottom\",\"image_grid_breakpoint\":\"m\",\"image_grid_width\":\"2-5\",\"image_svg_color\":\"emphasis\",\"link_style\":\"default\",\"link_text\":\"Read more\",\"margin\":\"default\",\"meta_align\":\"below-title\",\"meta_element\":\"div\",\"meta_style\":\"text-meta\",\"text_align\":\"right\",\"text_align_breakpoint\":\"m\",\"text_align_fallback\":\"left\",\"title\":\"<b>2019<\\\/b>\",\"title_align\":\"top\",\"title_color\":\"primary\",\"title_element\":\"h1\",\"title_grid_breakpoint\":\"m\",\"title_grid_width\":\"1-2\",\"title_hover_style\":\"reset\"}}]},{\"type\":\"column\",\"props\":{\"image_position\":\"center-center\",\"position_sticky_breakpoint\":\"m\",\"width_medium\":\"small\"}},{\"type\":\"column\",\"props\":{\"image_position\":\"center-center\",\"position_sticky_breakpoint\":\"m\",\"vertical_align\":\"middle\",\"width_medium\":\"large\"},\"children\":[{\"type\":\"panel\",\"props\":{\"content\":\"\\u00dcbernahme der Gesellschaftsanteile durch die L.I.T. AG\",\"content_column_breakpoint\":\"m\",\"icon_width\":80,\"image\":\"wp-content\\\/uploads\\\/2024\\\/06\\\/Bild-11.jpg\",\"image_align\":\"bottom\",\"image_grid_breakpoint\":\"m\",\"image_grid_width\":\"2-5\",\"image_svg_color\":\"emphasis\",\"link_style\":\"default\",\"link_text\":\"Read more\",\"margin\":\"default\",\"meta_align\":\"below-title\",\"meta_element\":\"div\",\"meta_style\":\"text-meta\",\"title\":\"<b>2023<\\\/b>\",\"title_align\":\"top\",\"title_color\":\"primary\",\"title_element\":\"h1\",\"title_grid_breakpoint\":\"m\",\"title_grid_width\":\"1-2\",\"title_hover_style\":\"reset\"}}]}]}]},{\"type\":\"section\",\"props\":{\"image_position\":\"center-center\",\"padding\":\"none\",\"style\":\"secondary\",\"title_breakpoint\":\"xl\",\"title_position\":\"top-left\",\"title_rotation\":\"left\",\"vertical_align\":\"\",\"width\":\"\"},\"children\":[{\"type\":\"row\",\"props\":{\"column_gap\":\"large\",\"layout\":\"3-5,2-5\",\"padding_remove_horizontal\":true,\"row_gap\":\"large\",\"width\":\"large\",\"width_expand\":\"right\"},\"children\":[{\"type\":\"column\",\"props\":{\"image_position\":\"center-center\",\"padding\":\"large\",\"position_sticky_breakpoint\":\"m\",\"style\":\"tile-secondary\",\"width_medium\":\"3-5\"},\"children\":[{\"type\":\"headline\",\"props\":{\"content\":\"<strong>VETRA<\\\/strong> SPEDITION GMBH\",\"margin\":\"remove-vertical\",\"maxwidth\":\"large\",\"title_element\":\"div\",\"title_style\":\"heading-small\"}},{\"type\":\"text\",\"props\":{\"column_breakpoint\":\"m\",\"content\":\"\n\n<p>Als 100%ige Tochter der G\\u00fcbau Unternehmensgruppe ist die Vetra Spedition spezialisiert auf Lager- und Transportlogistik im temperaturgef\\u00fchrten Bereich f\\u00fcr Industrieg\\u00fcter. Eigene Lager f\\u00fcr Gefahrgut und nach Wasserhaushaltsgesetz klassifizierte Stoffe, umfassendes Know-how und die Verbindung mit speziellem Transportequipment gew\\u00e4hrleisten dabei hochwertige Dienstleistungsprozesse.<\\\/p>\\n\n\n<p>In der Automobilindustrie geh\\u00f6rt die Vetra zu den bedeutendsten Spezialisten auf diesem Sektor. F\\u00fcr die namhaften Hersteller der chemischen Industrie werden Lacke und Farben direkt aus der Produktion entsorgt und nach der Zwischenpufferung im eigenen Lager abrufgerecht deutschland- und europaweit verteilt.<\\\/p>\\n\n\n<p>Die Vetra ist neben der Zertifizierung nach DIN EN ISO 9001:2000 SQAS best\\u00e4tigt.<\\\/p>\",\"margin\":\"default\"}}]},{\"type\":\"column\",\"props\":{\"image\":\"wp-content\\\/uploads\\\/2024\\\/06\\\/Bild-13-scaled.jpg\",\"image_effect\":\"parallax\",\"image_parallax_bgy\":\"-80,0\",\"image_parallax_easing\":\"1\",\"image_position\":\"center-center\",\"image_size\":\"cover\",\"media_visibility\":\"m\",\"padding\":\"none\",\"position_sticky_breakpoint\":\"m\",\"width_medium\":\"2-5\"},\"children\":[{\"type\":\"html\",\"props\":{\"content\":\"<br \\\/>\"}},{\"type\":\"image\",\"props\":{\"image\":\"wp-content\\\/uploads\\\/2024\\\/06\\\/Bild-13-scaled.jpg\",\"image_svg_color\":\"emphasis\",\"margin\":\"default\",\"visibility\":\"hidden-m\"}}]}]}],\"name\":\"Partners\"},{\"type\":\"section\",\"props\":{\"animation\":\"fade\",\"css\":\".el-element {\\n        background: #f7f7f7;\\n\\n       \\n}\",\"id\":\"kontakt\",\"image_position\":\"center-center\",\"padding\":\"large\",\"padding_remove_top\":false,\"style\":\"default\",\"title_breakpoint\":\"xl\",\"title_position\":\"top-left\",\"title_rotation\":\"left\",\"vertical_align\":\"\",\"width\":\"\"},\"children\":[{\"type\":\"row\",\"children\":[{\"type\":\"column\",\"props\":{\"image_position\":\"center-center\",\"padding\":\"large\",\"position_sticky_breakpoint\":\"m\",\"text_color\":\"dark\",\"vertical_align\":\"middle\"},\"children\":[{\"type\":\"headline\",\"props\":{\"animation\":\"slide-top-small\",\"content\":\"G\\u00fcbau Logistics GmbH\",\"title_color\":\"secondary\",\"title_element\":\"h2\",\"title_style\":\"h4\"}},{\"type\":\"headline\",\"props\":{\"animation\":\"slide-bottom-small\",\"block_align\":\"center\",\"content\":\"Sie m\\u00f6chten mehr erfahren? Nutzen Sie unser Kontakt&shy;formular.\",\"css\":\".el-element {\\n    text-transform: uppercase;\\n    font-weight: bold;\\n}\",\"margin\":\"default\",\"margin_remove_bottom\":true,\"title_element\":\"div\",\"title_style\":\"h1\"}},{\"type\":\"text\",\"props\":{\"block_align\":\"center\",\"block_align_breakpoint\":\"m\",\"block_align_fallback\":\"center\",\"column_breakpoint\":\"m\",\"content\":\"\n\n<p>[contact-form-7 id=\\\"92c523a\\\" title=\\\"Kontaktformular 1\\\" html_id=\\\"contact-form-7\\\"]<\\\/p>\",\"css\":\"input[type=\\\"text\\\"],\\ninput[type=\\\"email\\\"],\\ninput[type=\\\"tel\\\"]\\n{\\n    background-color: #fff;\\n    color: #333;\\n    border: 1px solid #dcdcdc;\\n    height: 30px;\\n    width: 95%;\\n    padding-left: 10px;\\n    font-size: 15px;\\n}\\n\\ntextarea\\n{\\n    border: 1px solid #dcdcdc;\\n    width: 95%;\\n    padding-left: 10px;\\n    padding-top: 10px;\\n    font-size: 15px;\\nfont-family: Roboto;\\n}\\n\\ninput[type=\\\"date\\\"] {\\n    \\n    border: 1px solid #dcdcdc;\\n    padding: 5px;\\n    font-family: Roboto;\\n    font-size: 15px;\\n    color: #7f7f7f;\\n}\\n\\nselect\\n{\\n    border: 1px solid #dcdcdc;\\n    padding: 8px;\\n    color: #7f7f7f;\\n}\\n\\n.wpcf7 .wpcf7-submit{\\n      border: 1px solid #004f90;\\n    background-color: #fff;\\n    padding: 15px;\\n    width: 20%;\\n    letter-spacing: 1px;\\n    font-size: 15px;\\n    font-weight: 400;\\n    color: #143848;\\n    transition: .1s ease-in-out;\\n}\\n\\n.wpcf7 .wpcf7-submit:hover{\\n    border: 1px solid #fff;\\n    background-color: #172335;\\n    padding: 15px;\\n    width: 20%;\\n    letter-spacing:1px;\\n        font-size: 15px;\\n    font-weight: 400;\\n    color: #fff;\\n    transition: .1s ease-in-out;\\n}\\n\\n\\n.wpcf7 div.wpcf7-response-output {\\nbackground-color:#044c86;\\nfont-size:18px;\\nborder:none;\\n}\",\"margin\":\"default\",\"maxwidth_breakpoint\":\"m\",\"text_align\":\"left\",\"text_align_breakpoint\":\"m\",\"text_align_fallback\":\"center\"}},{\"type\":\"html\",\"props\":{\"content\":\"<button form=\\\"contact-form-7\\\" type=\\\"submit\\\" class=\\\"el-content uk-button uk-button-secondary\\\">\\n    Senden\\n<\\\/button>\"}}]}],\"props\":{\"column_gap\":\"collapse\",\"row_gap\":\"collapse\",\"width\":\"default\"}}],\"name\":\"guebau_formular_gray\"}],\"version\":\"4.4.10\"} --><\/p>\n","protected":false},"excerpt":{"rendered":"<p>G\u00dcBAU \u2013EIN TRADITIONS\u00adUNTER\u00adNEHMEN. LOGISTIK IM BLUT Der Name G\u00fcbau entstand 1948 als Abk\u00fcrzung f\u00fcr \u201cG\u00fcter- und Baustofftransporte\u201d. \u00dcber 75 Jahre und 3 Familiengenerationen haben wir uns unseren Ruf f\u00fcr Verl\u00e4sslichkeit und Kontinuit\u00e4t erwarbeitet. Den gr\u00f6\u00dften Wert legen wir dabei auf die Zufriedenheit und den Erfolg unserer Kunden. Das haben wir uns vor \u00fcber 75 Jahren [&hellip;]<\/p>\n","protected":false},"author":2,"featured_media":0,"parent":0,"menu_order":0,"comment_status":"closed","ping_status":"closed","template":"","meta":{"footnotes":""},"class_list":["post-1758","page","type-page","status-publish","hentry"],"yoast_head":"<!-- This site is optimized with the Yoast SEO plugin v24.4 - https:\/\/yoast.com\/wordpress\/plugins\/seo\/ -->\n<title>\u00dcber uns - G\u00fcbau Group<\/title>\n<meta name=\"robots\" content=\"index, follow, max-snippet:-1, max-image-preview:large, max-video-preview:-1\" \/>\n<link rel=\"canonical\" href=\"https:\/\/guebau.de\/en\/ueber-uns\/\" \/>\n<meta property=\"og:locale\" content=\"en_US\" \/>\n<meta property=\"og:type\" content=\"article\" \/>\n<meta property=\"og:title\" content=\"\u00dcber uns - G\u00fcbau Group\" \/>\n<meta property=\"og:description\" content=\"G\u00dcBAU \u2013EIN TRADITIONS\u00adUNTER\u00adNEHMEN. LOGISTIK IM BLUT Der Name G\u00fcbau entstand 1948 als Abk\u00fcrzung f\u00fcr \u201cG\u00fcter- und Baustofftransporte\u201d. \u00dcber 75 Jahre und 3 Familiengenerationen haben wir uns unseren Ruf f\u00fcr Verl\u00e4sslichkeit und Kontinuit\u00e4t erwarbeitet. Den gr\u00f6\u00dften Wert legen wir dabei auf die Zufriedenheit und den Erfolg unserer Kunden. Das haben wir uns vor \u00fcber 75 Jahren [&hellip;]\" \/>\n<meta property=\"og:url\" content=\"https:\/\/guebau.de\/en\/ueber-uns\/\" \/>\n<meta property=\"og:site_name\" content=\"G\u00fcbau Group\" \/>\n<meta property=\"article:modified_time\" content=\"2024-10-22T14:57:55+00:00\" \/>\n<meta name=\"twitter:card\" content=\"summary_large_image\" \/>\n<meta name=\"twitter:label1\" content=\"Est. reading time\" \/>\n\t<meta name=\"twitter:data1\" content=\"4 minutes\" \/>\n<!-- \/ Yoast SEO plugin. -->","yoast_head_json":{"title":"\u00dcber uns - G\u00fcbau Group","robots":{"index":"index","follow":"follow","max-snippet":"max-snippet:-1","max-image-preview":"max-image-preview:large","max-video-preview":"max-video-preview:-1"},"canonical":"https:\/\/guebau.de\/en\/ueber-uns\/","og_locale":"en_US","og_type":"article","og_title":"\u00dcber uns - G\u00fcbau Group","og_description":"G\u00dcBAU \u2013EIN TRADITIONS\u00adUNTER\u00adNEHMEN. LOGISTIK IM BLUT Der Name G\u00fcbau entstand 1948 als Abk\u00fcrzung f\u00fcr \u201cG\u00fcter- und Baustofftransporte\u201d. \u00dcber 75 Jahre und 3 Familiengenerationen haben wir uns unseren Ruf f\u00fcr Verl\u00e4sslichkeit und Kontinuit\u00e4t erwarbeitet. Den gr\u00f6\u00dften Wert legen wir dabei auf die Zufriedenheit und den Erfolg unserer Kunden. Das haben wir uns vor \u00fcber 75 Jahren [&hellip;]","og_url":"https:\/\/guebau.de\/en\/ueber-uns\/","og_site_name":"G\u00fcbau Group","article_modified_time":"2024-10-22T14:57:55+00:00","twitter_card":"summary_large_image","twitter_misc":{"Est. reading time":"4 minutes"},"schema":{"@context":"https:\/\/schema.org","@graph":[{"@type":"WebPage","@id":"https:\/\/guebau.de\/en\/ueber-uns\/","url":"https:\/\/guebau.de\/en\/ueber-uns\/","name":"\u00dcber uns - G\u00fcbau Group","isPartOf":{"@id":"https:\/\/guebau.de\/en\/#website"},"datePublished":"2023-06-28T07:02:40+00:00","dateModified":"2024-10-22T14:57:55+00:00","breadcrumb":{"@id":"https:\/\/guebau.de\/en\/ueber-uns\/#breadcrumb"},"inLanguage":"en-US","potentialAction":[{"@type":"ReadAction","target":["https:\/\/guebau.de\/en\/ueber-uns\/"]}]},{"@type":"BreadcrumbList","@id":"https:\/\/guebau.de\/en\/ueber-uns\/#breadcrumb","itemListElement":[{"@type":"ListItem","position":1,"name":"Startseite","item":"https:\/\/guebau.de\/en\/"},{"@type":"ListItem","position":2,"name":"\u00dcber uns"}]},{"@type":"WebSite","@id":"https:\/\/guebau.de\/en\/#website","url":"https:\/\/guebau.de\/en\/","name":"G\u00fcbau Group","description":"G\u00fcbau Group","publisher":{"@id":"https:\/\/guebau.de\/en\/#organization"},"potentialAction":[{"@type":"SearchAction","target":{"@type":"EntryPoint","urlTemplate":"https:\/\/guebau.de\/en\/?s={search_term_string}"},"query-input":{"@type":"PropertyValueSpecification","valueRequired":true,"valueName":"search_term_string"}}],"inLanguage":"en-US"},{"@type":"Organization","@id":"https:\/\/guebau.de\/en\/#organization","name":"S\u00fcdvolumen GmbH","url":"https:\/\/guebau.de\/en\/","logo":{"@type":"ImageObject","inLanguage":"en-US","@id":"https:\/\/guebau.de\/en\/#\/schema\/logo\/image\/","url":"https:\/\/guebau.lit-webhosting.gridventures.de\/wp-content\/uploads\/2022\/02\/SV_Logo-mit-Claim.png","contentUrl":"https:\/\/guebau.lit-webhosting.gridventures.de\/wp-content\/uploads\/2022\/02\/SV_Logo-mit-Claim.png","width":3544,"height":758,"caption":"S\u00fcdvolumen GmbH"},"image":{"@id":"https:\/\/guebau.de\/en\/#\/schema\/logo\/image\/"}}]}},"_links":{"self":[{"href":"https:\/\/guebau.de\/en\/wp-json\/wp\/v2\/pages\/1758","targetHints":{"allow":["GET"]}}],"collection":[{"href":"https:\/\/guebau.de\/en\/wp-json\/wp\/v2\/pages"}],"about":[{"href":"https:\/\/guebau.de\/en\/wp-json\/wp\/v2\/types\/page"}],"author":[{"embeddable":true,"href":"https:\/\/guebau.de\/en\/wp-json\/wp\/v2\/users\/2"}],"replies":[{"embeddable":true,"href":"https:\/\/guebau.de\/en\/wp-json\/wp\/v2\/comments?post=1758"}],"version-history":[{"count":346,"href":"https:\/\/guebau.de\/en\/wp-json\/wp\/v2\/pages\/1758\/revisions"}],"predecessor-version":[{"id":4942,"href":"https:\/\/guebau.de\/en\/wp-json\/wp\/v2\/pages\/1758\/revisions\/4942"}],"wp:attachment":[{"href":"https:\/\/guebau.de\/en\/wp-json\/wp\/v2\/media?parent=1758"}],"curies":[{"name":"wp","href":"https:\/\/api.w.org\/{rel}","templated":true}]}}